{"id":3,"date":"2024-05-29T08:34:48","date_gmt":"2024-05-29T08:34:48","guid":{"rendered":"http:\/\/www.santfaust.es\/?page_id=3"},"modified":"2024-05-30T07:36:01","modified_gmt":"2024-05-30T07:36:01","slug":"privacy-policy","status":"publish","type":"page","link":"https:\/\/www.santfaust.es\/es\/privacy-policy\/","title":{"rendered":"Pol\u00edtica de privacidad"},"content":{"rendered":"<h1 class=\"wp-block-heading has-text-align-center\">POL\u00cdTICA DE PRIVACITAT DEL LLOC WEB <\/h1>\n\n\n\n<p class=\"has-text-align-center\"><a href=\"http:\/\/www.santfaust.es\/es\/\">www.santfaust.es<\/a><\/p>\n\n\n\n<h2 class=\"wp-block-heading\">I. POL\u00cdTICA DE PRIVACITAT I PROTECCI\u00d3 DE DADES <\/h2>\n\n\n\n<p>Respectant l&#8217;establert en la legislaci\u00f3 vigent, Camp Sant Faust (d&#8217;ara endavant, tamb\u00e9 Lloc Web) es compromet a adoptar les mesures t\u00e8cniques i organitzatives necess\u00e0ries, segons el nivell de seguretat adequat al risc de les dades recollides.<\/p>\n\n\n\n<h3 class=\"wp-block-heading\">Lleis que incorpora aquesta pol\u00edtica de privacitat <\/h3>\n\n\n\n<p>Aquesta pol\u00edtica de privacitat est\u00e0 adaptada a la normativa espanyola i europea vigent en mat\u00e8ria de protecci\u00f3 de dades personals a internet. En concret, la mateixa respecta les seg\u00fcents normes:<\/p>\n\n\n\n<ul class=\"wp-block-list\">\n<li>El Reglament (UE) 2016\/679 del Parlament Europeu i del Consell, de 27 d&#8217;abril de 2016, relatiu a la protecci\u00f3 de les persones f\u00edsiques pel que fa al tractament de dades personals i a la lliure circulaci\u00f3 d&#8217;aquestes dades (RGPD).<\/li>\n\n\n\n<li>La Llei Org\u00e0nica 3\/2018, de 5 de desembre, de Protecci\u00f3 de Dades Personals i garantia dels drets digitals (LOPD-GDD).<\/li>\n\n\n\n<li>El Reial decret 1720\/2007, de 21 de desembre, pel qual s&#8217;aprova el Reglament de desenvolupament de la Llei Org\u00e0nica 15\/1999, de 13 de desembre, de Protecci\u00f3 de Dades de Car\u00e0cter Personal (RDLOPD).<\/li>\n\n\n\n<li>La Llei 34\/2002, d&#8217;11 de juliol, de Serveis de la Societat de la Informaci\u00f3 i de Comer\u00e7 Electr\u00f2nic (LSSI-CE).<\/li>\n<\/ul>\n\n\n\n<h3 class=\"wp-block-heading\">Identitat del responsable del tractament de les dades personals <\/h3>\n\n\n\n<p>El responsable del tractament de les dades personals recollides a Camp Sant Faust \u00e9s: CAMP SANT FAUST D&#8217;ALGUAIRE SCCL, provist de NIF\/CIF: F25009739 i inscrit a: Av. Jaume Nadal, 38, 25125 Alguaire, Lleida amb les seg\u00fcents dades registrals: , el representant del qual \u00e9s: Xavier Oliva (d&#8217;ara endavant, Responsable del tractament). Les seves dades de contacte s\u00f3n les seg\u00fcents:<\/p>\n\n\n\n<ul class=\"wp-block-list\">\n<li>Adre\u00e7a: Av. Jaume Nadal, 38, 25125 Alguaire, Lleida<\/li>\n\n\n\n<li>Tel\u00e8fon de contacte: 973756042<\/li>\n\n\n\n<li>Email de contacte: <a>camp@santfaust.com<\/a><\/li>\n<\/ul>\n\n\n\n<h3 class=\"wp-block-heading\">Registre de Dades de Car\u00e0cter Personal <\/h3>\n\n\n\n<p>En compliment de l&#8217;establert en el RGPD i la LOPD-GDD, li informem que les dades personals recollides per Camp Sant Faust, mitjan\u00e7ant els formularis estesos en les seves p\u00e0gines quedaran incorporats i seran tractats en el nostre fitxer amb la finalitat de poder facilitar, agilitzar i complir els compromisos establerts entre Camp Sant Faust i l&#8217;Usuari o el manteniment de la relaci\u00f3 que s&#8217;estableixi en els formularis que aquest ompli, o per atendre una sol\u00b7licitud o consulta del mateix. Aix\u00ed mateix, de conformitat amb el que preveu el RGPD i la LOPD-GDD, tret que sigui aplicable l&#8217;excepci\u00f3 prevista en l&#8217;article 30.5 del RGPD, es mant\u00e9 un registre d&#8217;activitats de tractament que especifica, segons les seves finalitats, les activitats de tractament portades a terme i les altres circumst\u00e0ncies establertes en el RGPD.<\/p>\n\n\n\n<h3 class=\"wp-block-heading\">Principis aplicables al tractament de les dades personals <\/h3>\n\n\n\n<p>El tractament de les dades personals de l&#8217;Usuari se sotmetr\u00e0 als seg\u00fcents principis recollits en l&#8217;article 5 del RGPD i en l&#8217;article 4 i seg\u00fcents de la Llei Org\u00e0nica 3\/2018, de 5 de desembre, de Protecci\u00f3 de Dades Personals i garantia dels drets digitals:<\/p>\n\n\n\n<ul class=\"wp-block-list\">\n<li>Principi de licitud, lleialtat i transpar\u00e8ncia: es requerir\u00e0 en tot moment el consentiment de l&#8217;Usuari pr\u00e8via informaci\u00f3 completament transparent dels fins per als quals es recullen les dades personals.<\/li>\n\n\n\n<li>Principi de limitaci\u00f3 de la finalitat: les dades personals seran recollides amb fins determinats, expl\u00edcits i leg\u00edtims.<\/li>\n\n\n\n<li>Principi de minimitzaci\u00f3 de dades: les dades personals recollides seran \u00fanicament les estrictament necess\u00e0ries en relaci\u00f3 amb els fins per als quals s\u00f3n tractats.<\/li>\n\n\n\n<li>Principi d&#8217;exactitud: les dades personals han de ser exactes i estar sempre actualitzades.<\/li>\n\n\n\n<li>Principi de limitaci\u00f3 del termini de conservaci\u00f3: les dades personals nom\u00e9s seran mantingudes de manera que es permeti la identificaci\u00f3 de l&#8217;Usuari durant el temps necessari per als fins del seu tractament.<\/li>\n\n\n\n<li>Principi d&#8217;integritat i confidencialitat: les dades personals seran tractades de manera que es garanteixi la seva seguretat i confidencialitat.<\/li>\n\n\n\n<li>Principi de responsabilitat proactiva: el Responsable del tractament ser\u00e0 responsable d&#8217;assegurar que els principis anteriors es compleixin.<\/li>\n<\/ul>\n\n\n\n<h3 class=\"wp-block-heading\">Categories de dades personals <\/h3>\n\n\n\n<p>Les categories de dades que es tracten a Camp Sant Faust s\u00f3n \u00fanicament dades identificatives. En cap cas, es tracten categories especials de dades personals en el sentit de l&#8217;article 9 del RGPD.<\/p>\n\n\n\n<h3 class=\"wp-block-heading\">Base legal per al tractament de les dades personals <\/h3>\n\n\n\n<p>La base legal per al tractament de les dades personals \u00e9s el consentiment. Camp Sant Faust es compromet a recollir el consentiment expr\u00e9s i verificable de l&#8217;Usuari per al tractament de les seves dades personals per a un o diversos fins espec\u00edfics. L&#8217;Usuari tindr\u00e0 dret a retirar el seu consentiment en qualsevol moment. Ser\u00e0 tan f\u00e0cil retirar el consentiment com donar-lo. Com a regla general, la retirada del consentiment no condicionar\u00e0 l&#8217;\u00fas del Lloc Web. En les ocasions en qu\u00e8 l&#8217;Usuari hagi de o pugui facilitar les seves dades a trav\u00e9s de formularis per fer consultes, sol\u00b7licitar informaci\u00f3 o per motius relacionats amb el contingut del Lloc Web, se li informar\u00e0 en cas que la complimentaci\u00f3 d&#8217;algun d&#8217;ells sigui obligat\u00f2ria perqu\u00e8 els mateixos siguin imprescindibles per al correcte desenvolupament de l&#8217;operaci\u00f3 realitzada.<\/p>\n\n\n\n<h3 class=\"wp-block-heading\">Fins del tractament a qu\u00e8 es destinen les dades personals <\/h3>\n\n\n\n<p>Les dades personals s\u00f3n recollides i gestionades per Camp Sant Faust amb la finalitat de poder facilitar, agilitzar i complir els compromisos establerts entre el Lloc Web i l&#8217;Usuari o el manteniment de la relaci\u00f3 que s&#8217;estableixi en els formularis que aquest \u00faltim ompli o per atendre una sol\u00b7licitud o consulta. Igualment, les dades podran ser utilitzades amb una finalitat comercial de personalitzaci\u00f3, operativa i estad\u00edstica, i activitats pr\u00f2pies de l&#8217;objecte social de Camp Sant Faust, aix\u00ed com per a l&#8217;extracci\u00f3, emmagatzematge de dades i estudis de m\u00e0rqueting per adequar el Contingut ofert a l&#8217;Usuari, aix\u00ed com millorar la qualitat, funcionament i navegaci\u00f3 pel Lloc Web. En el moment en qu\u00e8 s&#8217;obtinguin les dades personals, s&#8217;informar\u00e0 l&#8217;Usuari sobre el fi o fins espec\u00edfics del tractament a qu\u00e8 es destinaran les dades personals; \u00e9s a dir, de l&#8217;\u00fas o usos que es donar\u00e0 a la informaci\u00f3 recopilada.<\/p>\n\n\n\n<h3 class=\"wp-block-heading\">Per\u00edodes de retenci\u00f3 de les dades personals <\/h3>\n\n\n\n<p>Les dades personals nom\u00e9s seran retingudes durant el temps m\u00ednim necessari per als fins del seu tractament i, en tot cas, \u00fanicament durant el seg\u00fcent termini: 12 mesos, o fins que l&#8217;Usuari sol\u00b7liciti la seva supressi\u00f3. En el moment en qu\u00e8 s&#8217;obtinguin les dades personals, s&#8217;informar\u00e0 l&#8217;Usuari sobre el termini durant el qual es conservaran les dades personals o, quan aix\u00f2 no sigui possible, els criteris utilitzats per determinar aquest termini.<\/p>\n\n\n\n<h3 class=\"wp-block-heading\">Destinataris de les dades personals <\/h3>\n\n\n\n<p>Les dades personals de l&#8217;Usuari no seran compartides amb tercers. En qualsevol cas, en el moment en qu\u00e8 s&#8217;obtinguin les dades personals, s&#8217;informar\u00e0 l&#8217;Usuari sobre els destinataris o les categories de destinataris de les dades personals.<\/p>\n\n\n\n<h3 class=\"wp-block-heading\">Dades personals de menors d&#8217;edat <\/h3>\n\n\n\n<p>Respectant l&#8217;establert en els articles 8 del RGPD i 7 de la Llei Org\u00e0nica 3\/2018, de 5 de desembre, de Protecci\u00f3 de Dades Personals i garantia dels drets digitals, nom\u00e9s els majors de 14 anys podran atorgar el seu consentiment per al tractament de les seves dades personals de manera l\u00edcita per Camp Sant Faust. Si es tracta d&#8217;un menor de 14 anys, ser\u00e0 necessari el consentiment dels pares o tutors per al tractament, i aquest nom\u00e9s es considerar\u00e0 l\u00edcit en la mesura en qu\u00e8 els mateixos ho hagin autoritzat.<\/p>\n\n\n\n<h3 class=\"wp-block-heading\">Secret i seguretat de les dades personals <\/h3>\n\n\n\n<p>Camp Sant Faust es compromet a adoptar les mesures t\u00e8cniques i organitzatives necess\u00e0ries, segons el nivell de seguretat adequat al risc de les dades recollides, de manera que es garanteixi la seguretat de les dades de car\u00e0cter personal i s&#8217;eviti la destrucci\u00f3, p\u00e8rdua o alteraci\u00f3 accidental o il\u00b7l\u00edcita de dades personals transmeses, conservades o tractades d&#8217;una altra manera, o la comunicaci\u00f3 o acc\u00e9s no autoritzats a aquestes dades. El Lloc Web compta amb un certificat SSL (Secure Socket Layer), que assegura que les dades personals es transmeten de forma segura i confidencial, en ser la transmissi\u00f3 de les dades entre el servidor i l&#8217;Usuari, i en retroalimentaci\u00f3, totalment xifrada o encriptada. No obstant aix\u00f2, at\u00e8s que Camp Sant Faust no pot garantir la inexpugnabilitat d&#8217;internet ni l&#8217;abs\u00e8ncia total de hackers o altres que accedeixin de manera fraudulenta a les dades personals, el Responsable del tractament es compromet a comunicar a l&#8217;Usuari sense dilaci\u00f3 indeguda quan es produeixi una violaci\u00f3 de la seguretat de les dades personals que sigui probable que comporti un alt risc per als drets i llibertats de les persones f\u00edsiques. Seguint l&#8217;establert en l&#8217;article 4 del RGPD, s&#8217;ent\u00e9n per violaci\u00f3 de la seguretat de les dades personals tota violaci\u00f3 de la seguretat que ocasioni la destrucci\u00f3, p\u00e8rdua o alteraci\u00f3 accidental o il\u00b7l\u00edcita de dades personals transmeses, conservades o tractades d&#8217;una altra manera, o la comunicaci\u00f3 o acc\u00e9s no autoritzats a aquestes dades. Les dades personals seran tractades com a confidencials pel Responsable del tractament, que es compromet a informar i a garantir per mitj\u00e0 d&#8217;una obligaci\u00f3 legal o contractual que aquesta confidencialitat sigui respectada pels seus empleats, associats, i tota persona a la qual li faci accessible la informaci\u00f3.<\/p>\n\n\n\n<h3 class=\"wp-block-heading\">Drets derivats del tractament de les dades personals <\/h3>\n\n\n\n<p>L&#8217;Usuari t\u00e9 sobre Camp Sant Faust i podr\u00e0, per tant, exercir davant el Responsable del tractament els seg\u00fcents drets reconeguts en el RGPD i la Llei Org\u00e0nica 3\/2018, de 5 de desembre, de Protecci\u00f3 de Dades Personals i garantia dels drets digitals:<\/p>\n\n\n\n<ul class=\"wp-block-list\">\n<li>Dret d&#8217;acc\u00e9s: \u00c9s el dret de l&#8217;Usuari a obtenir confirmaci\u00f3 de si Camp Sant Faust est\u00e0 tractant o no les seves dades personals i, en cas afirmatiu, obtenir informaci\u00f3 sobre les seves dades concretes de car\u00e0cter personal i del tractament que Camp Sant Faust hagi realitzat o realitzi, aix\u00ed com, entre altres, de la informaci\u00f3 disponible sobre l&#8217;origen d&#8217;aquestes dades i els destinataris de les comunicacions realitzades o previstes dels mateixos.<\/li>\n\n\n\n<li>Dret de rectificaci\u00f3: \u00c9s el dret de l&#8217;Usuari a que es modifiquin les seves dades personals que resultin ser inexactes o, tenint en compte els fins del tractament, incompletes.<\/li>\n\n\n\n<li>Dret de supressi\u00f3 (&#8220;el dret a l&#8217;oblit&#8221;): \u00c9s el dret de l&#8217;Usuari, sempre que la legislaci\u00f3 vigent no estableixi el contrari, a obtenir la supressi\u00f3 de les seves dades personals quan aquests ja no siguin necessaris per als fins per als quals van ser recollits o tractats; l&#8217;Usuari hagi retirat el seu consentiment al tractament i aquest no compti amb una altra base legal; l&#8217;Usuari s&#8217;oposi al tractament i no existeixi un altre motiu leg\u00edtim per continuar amb el mateix; les dades personals hagin estat tractades il\u00b7l\u00edcitament; les dades personals hagin de suprimir-se en compliment d&#8217;una obligaci\u00f3 legal; o les dades personals hagin estat obtingudes producte d&#8217;una oferta directa de serveis de la societat de la informaci\u00f3 a un menor de 14 anys. A m\u00e9s de suprimir les dades, el Responsable del tractament, tenint en compte la tecnologia disponible i el cost de la seva aplicaci\u00f3, haur\u00e0 d&#8217;adoptar mesures raonables per informar els responsables que estiguin tractant les dades personals de la sol\u00b7licitud de l&#8217;interessat de supressi\u00f3 de qualsevol enlla\u00e7 a aquestes dades personals.<\/li>\n\n\n\n<li>Dret a la limitaci\u00f3 del tractament: \u00c9s el dret de l&#8217;Usuari a limitar el tractament de les seves dades personals. L&#8217;Usuari t\u00e9 dret a obtenir la limitaci\u00f3 del tractament quan impugni l&#8217;exactitud de les seves dades personals; el tractament sigui il\u00b7l\u00edcit; el Responsable del tractament ja no necessiti les dades personals, per\u00f2 l&#8217;Usuari les necessiti per fer reclamacions; i quan l&#8217;Usuari s&#8217;hagi oposat al tractament.<\/li>\n\n\n\n<li>Dret a la portabilitat de les dades: En cas que el tractament es faci per mitjans automatitzats, l&#8217;Usuari tindr\u00e0 dret a rebre del Responsable del tractament les seves dades personals en un format estructurat, d&#8217;\u00fas com\u00fa i lectura mec\u00e0nica, i a transmetre-les a un altre responsable del tractament. Sempre que sigui t\u00e8cnicament possible, el Responsable del tractament transmetr\u00e0 directament les dades a aquest altre responsable.<\/li>\n\n\n\n<li>Dret d&#8217;oposici\u00f3: \u00c9s el dret de l&#8217;Usuari a que no es dugui a terme el tractament de les seves dades de car\u00e0cter personal o es cessi el tractament dels mateixos per part de Camp Sant Faust.<\/li>\n\n\n\n<li>Dret a no ser objecte d&#8217;una decisi\u00f3 basada \u00fanicament en el tractament automatitzat, inclosa l&#8217;elaboraci\u00f3 de perfils: \u00c9s el dret de l&#8217;Usuari a no ser objecte d&#8217;una decisi\u00f3 individualitzada basada \u00fanicament en el tractament automatitzat de les seves dades personals, inclosa l&#8217;elaboraci\u00f3 de perfils, existent tret que la legislaci\u00f3 vigent estableixi el contrari.<\/li>\n<\/ul>\n\n\n\n<p>Aix\u00ed doncs, l&#8217;Usuari podr\u00e0 exercitar els seus drets mitjan\u00e7ant comunicaci\u00f3 escrita dirigida al Responsable del tractament amb la refer\u00e8ncia &#8220;RGPD-<a href=\"http:\/\/www.santfaust.es\/es\/\">www.santfaust.es<\/a>&#8220;, especificant:<\/p>\n\n\n\n<ul class=\"wp-block-list\">\n<li>Nom, cognoms de l&#8217;Usuari i c\u00f2pia del DNI. En els casos en qu\u00e8 s&#8217;admeti la representaci\u00f3, ser\u00e0 tamb\u00e9 necess\u00e0ria la identificaci\u00f3 pel mateix mitj\u00e0 de la persona que representa l&#8217;Usuari, aix\u00ed com el document acreditatiu de la representaci\u00f3. La fotoc\u00f2pia del DNI podr\u00e0 ser substitu\u00efda, per qualsevol altre mitj\u00e0 v\u00e0lid en dret que acrediti la identitat.<\/li>\n\n\n\n<li>Petici\u00f3 amb els motius espec\u00edfics de la sol\u00b7licitud o informaci\u00f3 a la qual es vol accedir.<\/li>\n\n\n\n<li>Domicili a efectes de notificacions.<\/li>\n\n\n\n<li>Data i signatura del sol\u00b7licitant.<\/li>\n\n\n\n<li>Tot document que acrediti la petici\u00f3 que formula.<\/li>\n<\/ul>\n\n\n\n<p>Aquesta sol\u00b7licitud i qualsevol altre document adjunt podr\u00e0 enviar-se a la seg\u00fcent adre\u00e7a i\/o correu electr\u00f2nic:<\/p>\n\n\n\n<ul class=\"wp-block-list\">\n<li>Adre\u00e7a postal: Av. Jaume Nadal, 38, 25125 Alguaire, Lleida<\/li>\n\n\n\n<li>Correu electr\u00f2nic: <a>camp@santfaust.com<\/a><\/li>\n<\/ul>\n\n\n\n<h3 class=\"wp-block-heading\">Enlla\u00e7os a llocs web de tercers <\/h3>\n\n\n\n<p>El Lloc Web pot incloure hipervincles o enlla\u00e7os que permeten accedir a p\u00e0gines web de tercers diferents de Camp Sant Faust, i que per tant no s\u00f3n operats per Camp Sant Faust. Els titulars d&#8217;aquests llocs web disposaran de les seves pr\u00f2pies pol\u00edtiques de protecci\u00f3 de dades, sent ells mateixos, en cada cas, responsables dels seus propis fitxers i de les seves pr\u00f2pies pr\u00e0ctiques de privacitat.<\/p>\n\n\n\n<h3 class=\"wp-block-heading\">Reclamacions davant l&#8217;autoritat de control <\/h3>\n\n\n\n<p>En cas que l&#8217;Usuari consideri que existeix un problema o infracci\u00f3 de la normativa vigent en la forma en qu\u00e8 s&#8217;estan tractant les seves dades personals, tindr\u00e0 dret a la tutela judicial efectiva i a presentar una reclamaci\u00f3 davant una autoritat de control, en particular, en l&#8217;Estat en el qual tingui la seva resid\u00e8ncia habitual, lloc de treball o lloc de la suposada infracci\u00f3. En el cas d&#8217;Espanya, l&#8217;autoritat de control \u00e9s l&#8217;Ag\u00e8ncia Espanyola de Protecci\u00f3 de Dades (<a href=\"https:\/\/www.aepd.es\/\" target=\"_blank\" rel=\"noopener\">https:\/\/www.aepd.es\/<\/a>).<\/p>\n\n\n\n<h2 class=\"wp-block-heading\">II. ACCEPTACI\u00d3 I CANVIS EN AQUESTA POL\u00cdTICA DE PRIVACITAT <\/h2>\n\n\n\n<p>\u00c9s necessari que l&#8217;Usuari hagi llegit i estigui conforme amb les condicions sobre la protecci\u00f3 de dades de car\u00e0cter personal contingudes en aquesta Pol\u00edtica de Privacitat, aix\u00ed com que accepti el tractament de les seves dades personals perqu\u00e8 el Responsable del tractament pugui procedir al mateix en la forma, durant els terminis i per a les finalitats indicades. L&#8217;\u00fas del Lloc Web implicar\u00e0 l&#8217;acceptaci\u00f3 de la Pol\u00edtica de Privacitat del mateix. Camp Sant Faust es reserva el dret a modificar la seva Pol\u00edtica de Privacitat, d&#8217;acord amb el seu propi criteri, o motivat per un canvi legislatiu, jurisprudencial o doctrinal de l&#8217;Ag\u00e8ncia Espanyola de Protecci\u00f3 de Dades. Els canvis o actualitzacions d&#8217;aquesta Pol\u00edtica de Privacitat no seran notificats de manera expl\u00edcita a l&#8217;Usuari. Es recomana a l&#8217;Usuari consultar aquesta p\u00e0gina de manera peri\u00f2dica per estar al corrent dels \u00faltims canvis o actualitzacions. Aquesta Pol\u00edtica de Privacitat va ser actualitzada per adaptar-se al Reglament (UE) 2016\/679 del Parlament Europeu i del Consell, de 27 d&#8217;abril de 2016, relatiu a la protecci\u00f3 de les persones f\u00edsiques pel que fa al tractament de dades personals i a la lliure circulaci\u00f3 d&#8217;aquestes dades (RGPD) i a la Llei Org\u00e0nica 3\/2018, de 5 de desembre, de Protecci\u00f3 de Dades Personals i garantia dels drets digitals.<\/p>\n\n\n\n<p>Aquest document de Pol\u00edtica de Privacitat d&#8217;un lloc web ha estat creat mitjan\u00e7ant el generador de plantilla de pol\u00edtica de privacitat web gratu\u00eft online el dia 29\/05\/2024.<\/p>","protected":false},"excerpt":{"rendered":"<p>POL\u00cdTICA DE PRIVACITAT DEL LLOC WEB www.santfaust.es I. POL\u00cdTICA DE PRIVACITAT I PROTECCI\u00d3 DE DADES Respectant l&#8217;establert en la legislaci\u00f3 [&hellip;]<\/p>","protected":false},"author":1,"featured_media":0,"parent":0,"menu_order":0,"comment_status":"closed","ping_status":"open","template":"","meta":{"_eb_attr":"","_uag_custom_page_level_css":"","site-sidebar-layout":"default","site-content-layout":"","ast-site-content-layout":"","site-content-style":"default","site-sidebar-style":"default","ast-global-header-display":"","ast-banner-title-visibility":"","ast-main-header-display":"","ast-hfb-above-header-display":"","ast-hfb-below-header-display":"","ast-hfb-mobile-header-display":"","site-post-title":"disabled","ast-breadcrumbs-content":"","ast-featured-img":"","footer-sml-layout":"","theme-transparent-header-meta":"","adv-header-id-meta":"","stick-header-meta":"","header-above-stick-meta":"","header-main-stick-meta":"","header-below-stick-meta":"","astra-migrate-meta-layouts":"default","ast-page-background-enabled":"default","ast-page-background-meta":{"desktop":{"background-color":"var(--ast-global-color-4)","background-image":"","background-repeat":"repeat","background-position":"center center","background-size":"auto","background-attachment":"scroll","background-type":"","background-media":"","overlay-type":"","overlay-color":"","overlay-opacity":"","overlay-gradient":""},"tablet":{"background-color":"","background-image":"","background-repeat":"repeat","background-position":"center center","background-size":"auto","background-attachment":"scroll","background-type":"","background-media":"","overlay-type":"","overlay-color":"","overlay-opacity":"","overlay-gradient":""},"mobile":{"background-color":"","background-image":"","background-repeat":"repeat","background-position":"center center","background-size":"auto","background-attachment":"scroll","background-type":"","background-media":"","overlay-type":"","overlay-color":"","overlay-opacity":"","overlay-gradient":""}},"ast-content-background-meta":{"desktop":{"background-color":"var(--ast-global-color-5)","background-image":"","background-repeat":"repeat","background-position":"center center","background-size":"auto","background-attachment":"scroll","background-type":"","background-media":"","overlay-type":"","overlay-color":"","overlay-opacity":"","overlay-gradient":""},"tablet":{"background-color":"var(--ast-global-color-5)","background-image":"","background-repeat":"repeat","background-position":"center center","background-size":"auto","background-attachment":"scroll","background-type":"","background-media":"","overlay-type":"","overlay-color":"","overlay-opacity":"","overlay-gradient":""},"mobile":{"background-color":"var(--ast-global-color-5)","background-image":"","background-repeat":"repeat","background-position":"center center","background-size":"auto","background-attachment":"scroll","background-type":"","background-media":"","overlay-type":"","overlay-color":"","overlay-opacity":"","overlay-gradient":""}},"footnotes":""},"class_list":["post-3","page","type-page","status-publish","hentry"],"uagb_featured_image_src":{"full":false,"thumbnail":false,"medium":false,"medium_large":false,"large":false,"1536x1536":false,"2048x2048":false,"trp-custom-language-flag":false},"uagb_author_info":{"display_name":"infounio","author_link":"https:\/\/www.santfaust.es\/es\/author\/infounio\/"},"uagb_comment_info":0,"uagb_excerpt":"POL\u00cdTICA DE PRIVACITAT DEL LLOC WEB www.santfaust.es I. POL\u00cdTICA DE PRIVACITAT I PROTECCI\u00d3 DE DADES Respectant l&#8217;establert en la legislaci\u00f3 [&hellip;]","_links":{"self":[{"href":"https:\/\/www.santfaust.es\/es\/wp-json\/wp\/v2\/pages\/3","targetHints":{"allow":["GET"]}}],"collection":[{"href":"https:\/\/www.santfaust.es\/es\/wp-json\/wp\/v2\/pages"}],"about":[{"href":"https:\/\/www.santfaust.es\/es\/wp-json\/wp\/v2\/types\/page"}],"author":[{"embeddable":true,"href":"https:\/\/www.santfaust.es\/es\/wp-json\/wp\/v2\/users\/1"}],"replies":[{"embeddable":true,"href":"https:\/\/www.santfaust.es\/es\/wp-json\/wp\/v2\/comments?post=3"}],"version-history":[{"count":1,"href":"https:\/\/www.santfaust.es\/es\/wp-json\/wp\/v2\/pages\/3\/revisions"}],"predecessor-version":[{"id":146,"href":"https:\/\/www.santfaust.es\/es\/wp-json\/wp\/v2\/pages\/3\/revisions\/146"}],"wp:attachment":[{"href":"https:\/\/www.santfaust.es\/es\/wp-json\/wp\/v2\/media?parent=3"}],"curies":[{"name":"wp","href":"https:\/\/api.w.org\/{rel}","templated":true}]}}